{"id":20,"date":"2015-09-02T20:42:58","date_gmt":"2015-09-02T18:42:58","guid":{"rendered":"http:\/\/uscatletica.ch\/wp\/?page_id=20"},"modified":"2015-12-08T22:20:49","modified_gmt":"2015-12-08T21:20:49","slug":"storia","status":"publish","type":"page","link":"https:\/\/uscatletica.ch\/wp\/?page_id=20","title":{"rendered":"Breve cronistoria della  Unione Sportiva Capriaschese &#8211; Atletica"},"content":{"rendered":"<p>L&#8217;Unione Sportiva Capriaschese Sezione Atletica (USC) ha una lunga storia alle spalle.<br \/>\n\u00c8 nata negli anni quaranta quale movimento ginnico e atletico e la sua costante presenza a livello cantonale contraddistingue questo primo periodo d&#8217;attivit\u00e0.<\/p>\n<p>Dopo una forte flessione negli anni sessanta, nel 1971, un coraggioso manipolo di ventenni si lancia all&#8217;avventura dando i natali alla Nuova USC, con l&#8217;idea di rilanciare il movimento atletico in Capriasca. Il grande entusiasmo permette ai dirigenti di superare i primi momenti difficili, cos\u00ec dopo poco tempo arrivano i primi risultati sportivi e sociali.<br \/>\nTra le molte proposte, brillanti le idee di affiliarsi all&#8217;ASTi e di organizzare una staffetta intorno al laghetto di Origlio.<\/p>\n<figure id=\"attachment_81\" aria-describedby=\"caption-attachment-81\" style=\"width: 400px\" class=\"wp-caption aligncenter\"><a href=\"https:\/\/i0.wp.com\/uscatletica.ch\/wp\/wp-content\/uploads\/2015\/09\/squadraacoteias.jpg?ssl=1\"><img data-recalc-dims=\"1\" loading=\"lazy\" decoding=\"async\" data-attachment-id=\"81\" data-permalink=\"https:\/\/uscatletica.ch\/wp\/?attachment_id=81\" data-orig-file=\"https:\/\/i0.wp.com\/uscatletica.ch\/wp\/wp-content\/uploads\/2015\/09\/origlio.jpg?fit=400%2C288&amp;ssl=1\" data-orig-size=\"400,288\" data-comments-opened=\"0\" data-image-meta=\"{&quot;aperture&quot;:&quot;0&quot;,&quot;credit&quot;:&quot;&quot;,&quot;camera&quot;:&quot;&quot;,&quot;caption&quot;:&quot;&quot;,&quot;created_timestamp&quot;:&quot;0&quot;,&quot;copyright&quot;:&quot;&quot;,&quot;focal_length&quot;:&quot;0&quot;,&quot;iso&quot;:&quot;0&quot;,&quot;shutter_speed&quot;:&quot;0&quot;,&quot;title&quot;:&quot;&quot;,&quot;orientation&quot;:&quot;0&quot;}\" data-image-title=\"origlio\" data-image-description=\"\" data-image-caption=\"\" data-large-file=\"https:\/\/i0.wp.com\/uscatletica.ch\/wp\/wp-content\/uploads\/2015\/09\/origlio.jpg?fit=400%2C288&amp;ssl=1\" class=\"wp-image-81\" src=\"https:\/\/i0.wp.com\/uscatletica.ch\/wp\/wp-content\/uploads\/2015\/09\/origlio.jpg?resize=400%2C288&#038;ssl=1\" alt=\"origlio\" width=\"400\" height=\"288\" srcset=\"https:\/\/i0.wp.com\/uscatletica.ch\/wp\/wp-content\/uploads\/2015\/09\/origlio.jpg?resize=300%2C216&amp;ssl=1 300w, https:\/\/i0.wp.com\/uscatletica.ch\/wp\/wp-content\/uploads\/2015\/09\/origlio.jpg?resize=240%2C172&amp;ssl=1 240w, https:\/\/i0.wp.com\/uscatletica.ch\/wp\/wp-content\/uploads\/2015\/09\/origlio.jpg?w=400&amp;ssl=1 400w\" sizes=\"auto, (max-width: 400px) 100vw, 400px\" \/><\/a><figcaption id=\"caption-attachment-81\" class=\"wp-caption-text\">Origlio staffetta dal fascino indimenticato<\/figcaption><\/figure>\n<p>&nbsp;<\/p>\n<figure id=\"attachment_82\" aria-describedby=\"caption-attachment-82\" style=\"width: 400px\" class=\"wp-caption aligncenter\"><img data-recalc-dims=\"1\" loading=\"lazy\" decoding=\"async\" class=\"wp-image-82 size-full\" src=\"https:\/\/i0.wp.com\/uscatletica.ch\/wp\/wp-content\/uploads\/2015\/10\/origliovia.jpg?resize=400%2C280&#038;ssl=1\" alt=\"origliovia\" width=\"400\" height=\"280\" \/><figcaption id=\"caption-attachment-82\" class=\"wp-caption-text\">Origlio staffetta dal fascino indimenticato<\/figcaption><\/figure>\n<p>Dopo poco tempo si decide di aprire una sezione a Lamone-Cadempino per soddisfare alcune richieste di giovani della zona.<br \/>\nCon l&#8217;inizio degli anni &#8217;80 molti giovanissimi seguono l&#8217;attivit\u00e0 dell&#8217;USC e cos\u00ec cominciamo ad arrivare alcuni pregevoli risultati.<br \/>\nNel settembre 1981 decolla la Tesserete &#8211; Gola di Lago che diventer\u00e0 poi la corsa in salita pi\u00f9 popolare del cantone.<br \/>\nNella seconda met\u00e0 degli anni ottanta il movimento continua a crescere e timidamente l&#8217;USC si affaccia anche sul piano nazionale con le prime storiche trasferte ai Campionati Svizzeri di Cross.<br \/>\nIl numero dei soci attivi, per lo pi\u00f9 ragazzi e ragazze tra gli 8 e i 15 anni, \u00e8 in continuo aumento e nelle palestre ribolle l&#8217;entusiasmo dei giovani atleti.<br \/>\nParallelamente l&#8217;USC diventa una vera &#8220;potenza cantonale&#8221; nel podismo giovanile. I tempi sono maturi per formare un gruppo di podisti adulti, i quali, con la loro seriet\u00e0, la loro disponibilit\u00e0 e la loro modestia sono un esempio estremamente positivo per i giovani dell&#8217;USC.<\/p>\n<p>Iniziano cos\u00ec gli anni &#8217;90 che saranno anni di grande ascesa per l&#8217;Unione Sportiva Capriaschese che continua ad alzare la mira. Ormai i giovani sono maturati ed i dirigenti sono diventati esperti, senza per\u00f2 aver perso un grammo dell&#8217;entusiasmo iniziale.<br \/>\nAnche le nuove leve suonano la carica e, oltre ai probanti risultati sportivi, per .divertirsi e per rimpolpare le casse della societ\u00e0 decidono di partecipare al carnevale, fondando il Volabass.<br \/>\nIl gruppo, dopo i primi timidi passi, spiegher\u00e0 le ali e otterr\u00e0 grandi soddisfazioni. Ma questa \u00e8 un&#8217;altra storia e la racconteremo un&#8217;altra volta.<\/p>\n<p>Con gli anni &#8217;90 la societ\u00e0 cresce ulteriormente diventando, nel podismo, nei cross, nel fondo e nel mezzofondo, un punto di riferimento a livello cantonale.<br \/>\nLe maglie rosse cominciano ad essere temute anche oltre Gottardo, dove nelle corse su strada e nei cross ottengono ottime prestazioni di squadra.<br \/>\nEcco alcune pietre miliari: Jonathan Stampanoni vince alcune medaglie ai Campionati svizzeri e partecipa sia ai mondiali militari, sia ai mondiali studenteschi di cross; Ivan Pongelli e Gioele Pellegrini conquistano i titoli nazionali giovanili; Giorgio Pongelli merita la selezione per i Campionati Europei di cross. La 4&#215;1500 ottiene due primati cantonali, una medaglia di bronzo nazionale ed una selezione per la Coppa Europa di specialit\u00e0 grazie a Jonathan, Ivan, Giorgio e i fratelli Frigeri.<br \/>\nAlcuni giovani promettenti si perdono, ma le soddisfazioni non mancano per merito anche di Bicio Moghini e Elia Stampanoni che si fanno rispettare vincendo quasi tutto a livello cantonale nelle rispettive categorie veterani e junior.<\/p>\n<p>Comunque i dirigenti non dimenticano lo scopo primario della societ\u00e0: praticare sport seriamente per divertirsi. Intanto i podisti adulti, con la loro passione e la loro intraprendenza, visitano un po&#8217; tutti gli angoli del mondo, partecipando alle mitiche maratone.<\/p>\n<p>A partire dal 1997 anche i pi\u00f9 piccoli possono allenarsi in palestra con l&#8217;USC: nascono infatti i nuovi gruppi d&#8217;allenamento a loro dedicati.<\/p>\n<p>A cavallo del nuovo millennio la stella del USC brilla luminosa, tanto pi\u00f9 che il sogno di sempre sembra pi\u00f9 vicino &#8230; Il nuovo centro sportivo bussa alla porta!<\/p>\n<p>Intanto con l&#8217;avanzare del nuovo millennio altre soddisfazioni attendono la societ\u00e0 che con Claudia Riem coglie diverse selezioni per i Campionati internazionali di corsa in montagna, mentre Massimo Maffi si conferma tra i migliori &#8216;scalatori&#8217; svizzeri.<br \/>\nMa la spinta del settore giovanile comincia a calare e la forza dell&#8217;USC ne risente, le palestre sono sempre piene ma sempre meno giovani scendono sui campi di gara.<\/p>\n<p>L&#8217;USC precorre un po&#8217; i tempi e prima dell&#8217;arrivo del centro alcuni atleti, in attesa di piste e pedane, cominciano a bussare alla porta dell&#8217;atletica.<\/p>\n<p>Finalmente arriva il tanto atteso Nuovo Centro Sportivo! \u00c8 il 2006, \u00e8 l&#8217;anno delle novit\u00e0. Molte sfide attendono la nuova USC che \u00e8 per\u00f2 pronta ad affrontarle e siamo sicuri che il futuro ci riserver\u00e0 ancora molte soddisfazioni.<\/p>\n<p><a href=\"https:\/\/i0.wp.com\/uscatletica.ch\/wp\/wp-content\/uploads\/2015\/09\/societa.jpg?ssl=1\"><img data-recalc-dims=\"1\" loading=\"lazy\" decoding=\"async\" data-attachment-id=\"77\" data-permalink=\"https:\/\/uscatletica.ch\/wp\/?attachment_id=77\" data-orig-file=\"https:\/\/i0.wp.com\/uscatletica.ch\/wp\/wp-content\/uploads\/2015\/09\/societa.jpg?fit=450%2C300&amp;ssl=1\" data-orig-size=\"450,300\" data-comments-opened=\"0\" data-image-meta=\"{&quot;aperture&quot;:&quot;0&quot;,&quot;credit&quot;:&quot;&quot;,&quot;camera&quot;:&quot;&quot;,&quot;caption&quot;:&quot;&quot;,&quot;created_timestamp&quot;:&quot;0&quot;,&quot;copyright&quot;:&quot;&quot;,&quot;focal_length&quot;:&quot;0&quot;,&quot;iso&quot;:&quot;0&quot;,&quot;shutter_speed&quot;:&quot;0&quot;,&quot;title&quot;:&quot;&quot;,&quot;orientation&quot;:&quot;0&quot;}\" data-image-title=\"societa\" data-image-description=\"\" data-image-caption=\"\" data-large-file=\"https:\/\/i0.wp.com\/uscatletica.ch\/wp\/wp-content\/uploads\/2015\/09\/societa.jpg?fit=450%2C300&amp;ssl=1\" class=\"aligncenter wp-image-77\" src=\"https:\/\/i0.wp.com\/uscatletica.ch\/wp\/wp-content\/uploads\/2015\/09\/societa.jpg?resize=400%2C267&#038;ssl=1\" alt=\"societa\" width=\"400\" height=\"267\" srcset=\"https:\/\/i0.wp.com\/uscatletica.ch\/wp\/wp-content\/uploads\/2015\/09\/societa.jpg?resize=300%2C200&amp;ssl=1 300w, https:\/\/i0.wp.com\/uscatletica.ch\/wp\/wp-content\/uploads\/2015\/09\/societa.jpg?resize=95%2C62&amp;ssl=1 95w, https:\/\/i0.wp.com\/uscatletica.ch\/wp\/wp-content\/uploads\/2015\/09\/societa.jpg?w=450&amp;ssl=1 450w\" sizes=\"auto, (max-width: 400px) 100vw, 400px\" \/><\/a><\/p>\n<p>Il 2007 ci riserva un&#8217;edizione indimenticabile della Tesserete Gola di Lago, grazie al prezioso sostegno di un gruppo di appassionati, la gara diventa una festa memorabile il percorso si colora di cartelli che incitano in 273 atleti a raggiungere l&#8217;alpe Santa Maria. Alcune riuscitissime manifestazioni collaterali impreziosiscono il felice quadro.<\/p>\n<p>Dopo il grosso risultato con la 4x1500m, dieci anni pi\u00f9 tardi ecco un&#8217;altra gradita sorpresa: la convocazione per il Campionato Europeo a squadre di corsa campestre in Portogallo.<br \/>\nE siamo nel 2008.<br \/>\nIn squadra non poteva mancare l&#8217;esperto timoniere Jonathan Stampanoni che, con un brillante Massimo Maffi e un ritrovato Elia Stampanoni, con un tenace Leonida Stampanoni e un caparbio Alain Testorelli, forma il quintetto pronto a volare in terra lusitana.<\/p>\n<figure id=\"attachment_78\" aria-describedby=\"caption-attachment-78\" style=\"width: 400px\" class=\"wp-caption aligncenter\"><a href=\"https:\/\/i0.wp.com\/uscatletica.ch\/wp\/wp-content\/uploads\/2015\/09\/squadraacoteias.jpg?ssl=1\"><img data-recalc-dims=\"1\" loading=\"lazy\" decoding=\"async\" data-attachment-id=\"78\" data-permalink=\"https:\/\/uscatletica.ch\/wp\/?attachment_id=78\" data-orig-file=\"https:\/\/i0.wp.com\/uscatletica.ch\/wp\/wp-content\/uploads\/2015\/09\/squadraacoteias.jpg?fit=456%2C360&amp;ssl=1\" data-orig-size=\"456,360\" data-comments-opened=\"0\" data-image-meta=\"{&quot;aperture&quot;:&quot;0&quot;,&quot;credit&quot;:&quot;&quot;,&quot;camera&quot;:&quot;&quot;,&quot;caption&quot;:&quot;&quot;,&quot;created_timestamp&quot;:&quot;0&quot;,&quot;copyright&quot;:&quot;&quot;,&quot;focal_length&quot;:&quot;0&quot;,&quot;iso&quot;:&quot;0&quot;,&quot;shutter_speed&quot;:&quot;0&quot;,&quot;title&quot;:&quot;&quot;,&quot;orientation&quot;:&quot;0&quot;}\" data-image-title=\"squadraacoteias\" data-image-description=\"\" data-image-caption=\"\" data-large-file=\"https:\/\/i0.wp.com\/uscatletica.ch\/wp\/wp-content\/uploads\/2015\/09\/squadraacoteias.jpg?fit=456%2C360&amp;ssl=1\" class=\"wp-image-78\" src=\"https:\/\/i0.wp.com\/uscatletica.ch\/wp\/wp-content\/uploads\/2015\/09\/squadraacoteias.jpg?resize=400%2C316&#038;ssl=1\" alt=\"squadraacoteias\" width=\"400\" height=\"316\" srcset=\"https:\/\/i0.wp.com\/uscatletica.ch\/wp\/wp-content\/uploads\/2015\/09\/squadraacoteias.jpg?resize=300%2C237&amp;ssl=1 300w, https:\/\/i0.wp.com\/uscatletica.ch\/wp\/wp-content\/uploads\/2015\/09\/squadraacoteias.jpg?resize=117%2C91&amp;ssl=1 117w, https:\/\/i0.wp.com\/uscatletica.ch\/wp\/wp-content\/uploads\/2015\/09\/squadraacoteias.jpg?w=456&amp;ssl=1 456w\" sizes=\"auto, (max-width: 400px) 100vw, 400px\" \/><\/a><figcaption id=\"caption-attachment-78\" class=\"wp-caption-text\">Leonida, Elia, Jonathan ed Alain provati dopo la gara di coppa Europa<\/figcaption><\/figure>\n<p>La nostra Tesserete Gola di Lago ha passato la soglia dei trent&#8217;anni con una serie di edizioni indimenticabili culminate con il sorprendente 30\u00ba.<\/p>\n<figure id=\"attachment_80\" aria-describedby=\"caption-attachment-80\" style=\"width: 400px\" class=\"wp-caption aligncenter\"><a href=\"https:\/\/i0.wp.com\/uscatletica.ch\/wp\/wp-content\/uploads\/2015\/09\/frd.jpg?ssl=1\"><img data-recalc-dims=\"1\" loading=\"lazy\" decoding=\"async\" data-attachment-id=\"80\" data-permalink=\"https:\/\/uscatletica.ch\/wp\/?attachment_id=80\" data-orig-file=\"https:\/\/i0.wp.com\/uscatletica.ch\/wp\/wp-content\/uploads\/2015\/09\/frd.jpg?fit=640%2C479&amp;ssl=1\" data-orig-size=\"640,479\" data-comments-opened=\"0\" data-image-meta=\"{&quot;aperture&quot;:&quot;0&quot;,&quot;credit&quot;:&quot;&quot;,&quot;camera&quot;:&quot;&quot;,&quot;caption&quot;:&quot;&quot;,&quot;created_timestamp&quot;:&quot;0&quot;,&quot;copyright&quot;:&quot;&quot;,&quot;focal_length&quot;:&quot;0&quot;,&quot;iso&quot;:&quot;0&quot;,&quot;shutter_speed&quot;:&quot;0&quot;,&quot;title&quot;:&quot;&quot;,&quot;orientation&quot;:&quot;0&quot;}\" data-image-title=\"frd\" data-image-description=\"\" data-image-caption=\"\" data-large-file=\"https:\/\/i0.wp.com\/uscatletica.ch\/wp\/wp-content\/uploads\/2015\/09\/frd.jpg?fit=640%2C479&amp;ssl=1\" class=\"wp-image-80\" src=\"https:\/\/i0.wp.com\/uscatletica.ch\/wp\/wp-content\/uploads\/2015\/09\/frd.jpg?resize=400%2C299&#038;ssl=1\" alt=\"frd\" width=\"400\" height=\"299\" srcset=\"https:\/\/i0.wp.com\/uscatletica.ch\/wp\/wp-content\/uploads\/2015\/09\/frd.jpg?resize=300%2C225&amp;ssl=1 300w, https:\/\/i0.wp.com\/uscatletica.ch\/wp\/wp-content\/uploads\/2015\/09\/frd.jpg?w=640&amp;ssl=1 640w\" sizes=\"auto, (max-width: 400px) 100vw, 400px\" \/><\/a><figcaption id=\"caption-attachment-80\" class=\"wp-caption-text\">La splendida e gustosa Torta per il trentesimo della Tesserete Gola di Lago<\/figcaption><\/figure>\n<p>&nbsp;<\/p>\n<figure id=\"attachment_79\" aria-describedby=\"caption-attachment-79\" style=\"width: 400px\" class=\"wp-caption aligncenter\"><a href=\"https:\/\/i0.wp.com\/uscatletica.ch\/wp\/wp-content\/uploads\/2015\/09\/usc2011rivera.jpg?ssl=1\"><img data-recalc-dims=\"1\" loading=\"lazy\" decoding=\"async\" data-attachment-id=\"79\" data-permalink=\"https:\/\/uscatletica.ch\/wp\/?attachment_id=79\" data-orig-file=\"https:\/\/i0.wp.com\/uscatletica.ch\/wp\/wp-content\/uploads\/2015\/09\/usc2011rivera.jpg?fit=640%2C480&amp;ssl=1\" data-orig-size=\"640,480\" data-comments-opened=\"0\" data-image-meta=\"{&quot;aperture&quot;:&quot;0&quot;,&quot;credit&quot;:&quot;&quot;,&quot;camera&quot;:&quot;&quot;,&quot;caption&quot;:&quot;&quot;,&quot;created_timestamp&quot;:&quot;0&quot;,&quot;copyright&quot;:&quot;&quot;,&quot;focal_length&quot;:&quot;0&quot;,&quot;iso&quot;:&quot;0&quot;,&quot;shutter_speed&quot;:&quot;0&quot;,&quot;title&quot;:&quot;&quot;,&quot;orientation&quot;:&quot;0&quot;}\" data-image-title=\"usc2011rivera\" data-image-description=\"\" data-image-caption=\"\" data-large-file=\"https:\/\/i0.wp.com\/uscatletica.ch\/wp\/wp-content\/uploads\/2015\/09\/usc2011rivera.jpg?fit=640%2C480&amp;ssl=1\" class=\"wp-image-79\" src=\"https:\/\/i0.wp.com\/uscatletica.ch\/wp\/wp-content\/uploads\/2015\/09\/usc2011rivera.jpg?resize=400%2C300&#038;ssl=1\" alt=\"usc2011rivera\" width=\"400\" height=\"300\" srcset=\"https:\/\/i0.wp.com\/uscatletica.ch\/wp\/wp-content\/uploads\/2015\/09\/usc2011rivera.jpg?resize=300%2C225&amp;ssl=1 300w, https:\/\/i0.wp.com\/uscatletica.ch\/wp\/wp-content\/uploads\/2015\/09\/usc2011rivera.jpg?w=640&amp;ssl=1 640w\" sizes=\"auto, (max-width: 400px) 100vw, 400px\" \/><\/a><figcaption id=\"caption-attachment-79\" class=\"wp-caption-text\">Una giovane e frizzante USC inizia con entusiasmo la stagione 2011-12 con il cross di Rivera .<\/figcaption><\/figure>\n<p><a href=\"https:\/\/uscatletica.ch\/wp\/wp-content\/uploads\/2015\/09\/frd.jpg\"><br \/>\n<\/a><a href=\"https:\/\/uscatletica.ch\/wp\/wp-content\/uploads\/2015\/09\/origliovia.jpg\"><br \/>\n<\/a><\/p>\n","protected":false},"excerpt":{"rendered":"<p>L&#8217;Unione Sportiva Capriaschese Sezione Atletica (USC) ha una lunga storia alle spalle. \u00c8 nata negli anni quaranta quale movimento ginnico e atletico e la sua costante presenza a livello cantonale contraddistingue questo primo periodo d&#8217;attivit\u00e0. Dopo una forte flessione negli anni sessanta, nel 1971, un coraggioso manipolo di ventenni si lancia all&#8217;avventura dando i natali alla Nuova USC, con l&#8217;idea di rilanciare il movimento atletico in Capriasca. Il grande entusiasmo permette ai dirigenti di superare&#8230;<\/p>\n","protected":false},"author":2,"featured_media":81,"parent":0,"menu_order":0,"comment_status":"closed","ping_status":"closed","template":"","meta":{"jetpack_post_was_ever_published":false,"footnotes":""},"class_list":["post-20","page","type-page","status-publish","has-post-thumbnail","hentry"],"jetpack_sharing_enabled":true,"jetpack_shortlink":"https:\/\/wp.me\/P6V7Ck-k","jetpack-related-posts":[{"id":295,"url":"https:\/\/uscatletica.ch\/wp\/?page_id=295","url_meta":{"origin":20,"position":0},"title":"Meeting Capriaschesi","author":"Siegmund Altendorfer","date":"2 Novembre 2015","format":false,"excerpt":"Programma meeting serale 4 giugno Programma provvisorio meeting pomeridiano domenica 15 giugno meeting luganese 15 giugno 2025 -------------------------------------------------------------------------------- Primati stadio Tesserete (aggiornato al 23.5.24) ARCHIVIO RISULTATI 2007 2008 2009 2010 2011 \u00a0 \u00a0 2012 2013 2014 2015 \u00a02016 \u00a0 \u00a0 \u00a02017 2018 2019 2020 2021 2022-1 2022-2 24 maggio 2023\u2026","rel":"","context":"Articolo simile","block_context":{"text":"Articolo simile","link":""},"img":{"alt_text":"","src":"https:\/\/i0.wp.com\/uscatletica.ch\/wp\/wp-content\/uploads\/2025\/05\/meetingseralegiugno-212x300.jpg?resize=350%2C200&ssl=1","width":350,"height":200},"classes":[]},{"id":288,"url":"https:\/\/uscatletica.ch\/wp\/?page_id=288","url_meta":{"origin":20,"position":1},"title":"Staffetta Capriaschese","author":"Siegmund Altendorfer","date":"2 Novembre 2015","format":false,"excerpt":"DOMENICA 22 marzo 2026 51a STAFFETTA USC 2026 - TROFEO GIOVANNI QUADRIper le vie di Tesserete Valida per il Trofeo ASTi staffette Programma_2026 -------------------------------------------------------------------------------- \u00a0 30.03.2025 - 50ima Staffetta Capriaschese Domenica erano in 320 a Festeggiare il 50esimo della Staffetta Capriaschese Trofeo impresa Giovanni Quadri. La grande soddisfazione per tutti\u2026","rel":"","context":"Articolo simile","block_context":{"text":"Articolo simile","link":""},"img":{"alt_text":"","src":"","width":0,"height":0},"classes":[]},{"id":8892,"url":"https:\/\/uscatletica.ch\/wp\/?page_id=8892","url_meta":{"origin":20,"position":2},"title":"Gir dal diavol","author":"Siegmund Altendorfer","date":"1 Settembre 2019","format":false,"excerpt":"SABATO 21 OTTOBRE 2023 Risultati Gir diavol - MiniGir - MezzGir - MicroGir - 2023 Commento risultati diavol 2023 LE GARE Lukas Oehen ha vinto con il nuovo primato del percorso l'edizione 2023. Secondo rango per l'italiano Francesco Mascherpa e terzo per Elia Stampanoni (1\u00b0M40), seguito da vicino da Damiano\u2026","rel":"","context":"Articolo simile","block_context":{"text":"Articolo simile","link":""},"img":{"alt_text":"","src":"https:\/\/i0.wp.com\/uscatletica.ch\/wp\/wp-content\/uploads\/2023\/10\/231021risultatidiavol23.jpg?resize=350%2C200&ssl=1","width":350,"height":200,"srcset":"https:\/\/i0.wp.com\/uscatletica.ch\/wp\/wp-content\/uploads\/2023\/10\/231021risultatidiavol23.jpg?resize=350%2C200&ssl=1 1x, https:\/\/i0.wp.com\/uscatletica.ch\/wp\/wp-content\/uploads\/2023\/10\/231021risultatidiavol23.jpg?resize=525%2C300&ssl=1 1.5x"},"classes":[]},{"id":297,"url":"https:\/\/uscatletica.ch\/wp\/?page_id=297","url_meta":{"origin":20,"position":3},"title":"TUTTI IN PISTA: 5000 m e 1000 m ASTI (e 600 m U10)","author":"Siegmund Altendorfer","date":"2 Novembre 2015","format":false,"excerpt":"10 settembre 2025 La Locandina ISCRIZIONI possibili sul posto entro 1 ora prima della competizione. 600 m U10 1'000 m ASTI U12, U14 e U16 5'000 m ASTI aperto a tutti USC Capriaschese - Arena Sportiva Capriasca -------------------------------------------------------------------------------------------------------------------- Primati-stadio-Tesserete -------------------------------------------------------------------------------------------------------------------- \u00a0 Risultati Tutti in pista 2020 Premiati TRIS Capriaschese 2020\u2026","rel":"","context":"Articolo simile","block_context":{"text":"Articolo simile","link":""},"img":{"alt_text":"","src":"https:\/\/i0.wp.com\/uscatletica.ch\/wp\/wp-content\/uploads\/2025\/08\/2025tuttinpista1k5kASTI.jpg?fit=595%2C841&ssl=1&resize=350%2C200","width":350,"height":200,"srcset":"https:\/\/i0.wp.com\/uscatletica.ch\/wp\/wp-content\/uploads\/2025\/08\/2025tuttinpista1k5kASTI.jpg?fit=595%2C841&ssl=1&resize=350%2C200 1x, https:\/\/i0.wp.com\/uscatletica.ch\/wp\/wp-content\/uploads\/2025\/08\/2025tuttinpista1k5kASTI.jpg?fit=595%2C841&ssl=1&resize=525%2C300 1.5x"},"classes":[]},{"id":256,"url":"https:\/\/uscatletica.ch\/wp\/?page_id=256","url_meta":{"origin":20,"position":4},"title":"Cross Capriaschese","author":"Siegmund Altendorfer","date":"1 Novembre 2015","format":false,"excerpt":"Domenica 8 febbraio 2026 CROSS CAPRIASCHESE Sesta prova coppa Ticino di corsa campestre 2025\/2026 Una bella giornata di fine inverno \u00a0ha accompagnato la splendida manifestazione del cross Capriaschese perfettamente organizzato grazie allo sforzo entusiasta dei nostri preziosi collaboratori. Ottima la risposta degli atleti di casa con un settebello di vittorie\u2026","rel":"","context":"Articolo simile","block_context":{"text":"Articolo simile","link":""},"img":{"alt_text":"","src":"https:\/\/i0.wp.com\/uscatletica.ch\/wp\/wp-content\/uploads\/2017\/02\/borseusc2017.jpg?resize=350%2C200","width":350,"height":200,"srcset":"https:\/\/i0.wp.com\/uscatletica.ch\/wp\/wp-content\/uploads\/2017\/02\/borseusc2017.jpg?resize=350%2C200 1x, https:\/\/i0.wp.com\/uscatletica.ch\/wp\/wp-content\/uploads\/2017\/02\/borseusc2017.jpg?resize=525%2C300 1.5x"},"classes":[]},{"id":93,"url":"https:\/\/uscatletica.ch\/wp\/?page_id=93","url_meta":{"origin":20,"position":5},"title":"Contatto","author":"Siegmund Altendorfer","date":"4 Settembre 2015","format":false,"excerpt":"Indirizzo: USC Capriaschese c.p. 6 6954 Bigorio Email: info@uscatletica.ch","rel":"","context":"Articolo simile","block_context":{"text":"Articolo simile","link":""},"img":{"alt_text":"","src":"","width":0,"height":0},"classes":[]}],"_links":{"self":[{"href":"https:\/\/uscatletica.ch\/wp\/index.php?rest_route=\/wp\/v2\/pages\/20","targetHints":{"allow":["GET"]}}],"collection":[{"href":"https:\/\/uscatletica.ch\/wp\/index.php?rest_route=\/wp\/v2\/pages"}],"about":[{"href":"https:\/\/uscatletica.ch\/wp\/index.php?rest_route=\/wp\/v2\/types\/page"}],"author":[{"embeddable":true,"href":"https:\/\/uscatletica.ch\/wp\/index.php?rest_route=\/wp\/v2\/users\/2"}],"replies":[{"embeddable":true,"href":"https:\/\/uscatletica.ch\/wp\/index.php?rest_route=%2Fwp%2Fv2%2Fcomments&post=20"}],"version-history":[{"count":5,"href":"https:\/\/uscatletica.ch\/wp\/index.php?rest_route=\/wp\/v2\/pages\/20\/revisions"}],"predecessor-version":[{"id":380,"href":"https:\/\/uscatletica.ch\/wp\/index.php?rest_route=\/wp\/v2\/pages\/20\/revisions\/380"}],"wp:featuredmedia":[{"embeddable":true,"href":"https:\/\/uscatletica.ch\/wp\/index.php?rest_route=\/wp\/v2\/media\/81"}],"wp:attachment":[{"href":"https:\/\/uscatletica.ch\/wp\/index.php?rest_route=%2Fwp%2Fv2%2Fmedia&parent=20"}],"curies":[{"name":"wp","href":"https:\/\/api.w.org\/{rel}","templated":true}]}}